{"id":28576,"date":"2020-04-20T02:15:43","date_gmt":"2020-06-09T15:55:05","guid":{"rendered":"https:\/\/educatennis.com\/product\/summer-camp-u8-naranja\/"},"modified":"2020-06-30T01:39:47","modified_gmt":"2020-06-29T23:39:47","slug":"summer-camp-u8-naranja","status":"publish","type":"product","link":"https:\/\/educatennis.com\/rafanadalacademycamps\/producto\/summer-camp-u8-naranja\/","title":{"rendered":"Planificaci\u00f3n Summer Camp Under 8 Naranja"},"content":{"rendered":"<p>[vc_row][vc_column]<div id=\"highlight-box-wrap-4527\"  data-ultimate-target='#highlight-box-wrap-4527'  data-responsive-json-new='{\"font-size\":\"desktop:32px;\",\"line-height\":\"\"}'  class=\"ultimate-call-to-action ult-adjust-bottom-margin  ctaction-text-center ult-responsive\" style=\"font-family:Roboto;font-weight:bold;color:#000000;background:#e3f501;padding-top:20px;padding-bottom:20px;\"  data-background=\"#e3f501\"  data-background-hover=\"#ecece8\"  data-override=\"0\" ><div class=\"uvc-ctaction-data uvc-ctaction-data-no-effect ult-responsive\"><\/p>\n<h5 style=\"text-align: center;\">Este verano marca la diferencia, establece las bases para el \u00e9xito de tus jugadores<\/h5>\n<p><\/div><\/div>[\/vc_column][\/vc_row][vc_row][vc_column][vc_empty_space][\/vc_column][\/vc_row][vc_row][vc_column width=\u00bb1\/3&#8243;][vc_column_text]<\/p>\n<h3><span style=\"color: #000000;\"><b>Objetivos del Curso:<\/b><\/span><\/h3>\n<hr \/>\n<p>Educatennis ha recopilado el conocimiento del tenis espa\u00f1ol y lo pone al alcance de tu mano con esta herramienta de trabajo.<\/p>\n<p>El objetivo principal del programa Summer Camp U 8 es la transici\u00f3n de los jugadores de la pelota roja a la pelota naranja.<\/p>\n<p>Nos centramos en una ense\u00f1anza del tenis adaptada, trabajando en el desarrollo general de habilidades motoras orientadas al tenis del jugador mientras adquieremos habilidades de raqueta y control de la pelota ampliando el espacio entre el jugador de la l\u00ednea de servicio a 3\/4 de la pista.<\/p>\n<p>El contenido que se trabajar\u00e1 se dividir\u00e1 en dos bloques:<\/p>\n<ul>\n<li>Coordinaci\u00f3n general (habilidades motoras) orientada a las demandas espec\u00edficas del tenis.<\/li>\n<li>Habilidades espec\u00edficas de tenis &#8211; Coordinaci\u00f3n &#8211; t\u00e9cnica.<\/li>\n<\/ul>\n<p><em>El objetivo t\u00e1ctico es que los jugadores podr\u00e1n pelotear desde 3\/4 de la pista con la pelota naranja.<\/em>[\/vc_column_text][\/vc_column][vc_column width=\u00bb1\/3&#8243;][vc_column_text]<\/p>\n<h3><span style=\"color: #000000;\"><b>Quick wins:<\/b><\/span><\/h3>\n<hr \/>\n<ul>\n<li>Convi\u00e9rtete en un entrenador de referencia en el desarrollo juvenil. Le proporcionamos contenido de calidad y relevante adaptado a las necesidades del jugador a edades temprana.<\/li>\n<li>Te ayudar\u00e1 a introducir contenidos de manera ordenada respetando los tempos de aprendizaje de los jugadores, promoviendo la confianza haci\u00e9ndoles sentirse competentes.<\/li>\n<li>Contenido organizado y f\u00e1cil de usar. Evite largas horas de trabajo de preparaci\u00f3n e investigaci\u00f3n.<\/li>\n<li>Actividades divertidas y l\u00fadicas que promueven la pr\u00e1ctica del deporte.<\/li>\n<li>Contenido f\u00e1cil de compartir para dar a los entrenadores la posibilidad de conectar mejor con los jugadores.<\/li>\n<\/ul>\n<p>[\/vc_column_text][\/vc_column][vc_column width=\u00bb1\/3&#8243;][vc_column_text]<\/p>\n<h3><span style=\"color: #000000;\"><b>Qu\u00e9 incluye<\/b><\/span><\/h3>\n<hr \/>\n<ul>\n<li>Recomendaciones del material que se utilizar\u00e1 en esta etapa.<\/li>\n<li>Sugerencias sobre c\u00f3mo gestionar espacios y organizar a los jugadores en la pista trabajando en grupo.<\/li>\n<li>Biblioteca de nuestros mejores juegos para el Summer Camp.<\/li>\n<li>Contenido diario para trabajar para jugadores menores de 8 a\u00f1os. Explicaci\u00f3n clara y detallada de los aspectos para trabajar con soporte de v\u00eddeo.<\/li>\n<li>Sesiones de trabajo diarias, ejercicios explicados en detalle a trav\u00e9s de descripciones o videos<\/li>\n<li>Opci\u00f3n De compartir contenido<\/li>\n<li>12 meses de acceso al contenido<\/li>\n<\/ul>\n<p>[\/vc_column_text][\/vc_column][\/vc_row][vc_row][vc_column][vc_empty_space][\/vc_column][\/vc_row][vc_row][vc_column][vc_cta h2=\u00bbDirigido a:\u00bb h2_use_theme_fonts=\u00bbyes\u00bb h4_use_theme_fonts=\u00bbyes\u00bb txt_align=\u00bbcenter\u00bb style=\u00bbcustom\u00bb use_custom_fonts_h2=\u00bbtrue\u00bb use_custom_fonts_h4=\u00bbtrue\u00bb custom_background=\u00bb#ecece8&#8243; custom_text=\u00bb#c4d600&#8243;]<span class=\"tlid-translation translation\" lang=\"en\"><span title=\"\">Directores y coordinadores de programas de tenis y padres que buscan entrenar a sus jugadores con estructura y calidad para introducir a los jugadores en el juego y estableciendo las bases de un desarrollo correcto a largo plazo.<\/span><\/span>[\/vc_cta][vc_empty_space][vc_separator][vc_empty_space][\/vc_column][\/vc_row][vc_row][vc_column width=\u00bb1\/6&#8243;][vc_icon icon_fontawesome=\u00bbfar fa-lightbulb\u00bb color=\u00bbcustom\u00bb custom_color=\u00bb#c4d600&#8243;][\/vc_column][vc_column width=\u00bb2\/3&#8243;][vc_column_text el_class=\u00bbcontainer\u00bb]<\/p>\n<h3 style=\"text-align: center;\"><span style=\"color: #000000;\">Lecciones del curso:<\/span><\/h3>\n<p>[\/vc_column_text][vc_empty_space][vc_separator color=\u00bbcustom\u00bb accent_color=\u00bb#c4d600&#8243;][\/vc_column][vc_column width=\u00bb1\/6&#8243;][\/vc_column][\/vc_row][vc_row el_class=\u00bbcontainer\u00bb][vc_column][vc_empty_space][vc_column_text]<\/p>\n<article class=\"module\">\n<header>\n<article class=\"module\">\n<section class=\"entry\">\n<section class=\"module-lessons\">\n<header>\n<h2>Introducci\u00f3n SC U8 (naranja)<\/h2>\n<\/header>\n<section class=\"entry\">\n<p class=\"module-description\">Introducci\u00f3n a los aspectos clave a tener en cuenta antes de iniciar el programa para jugadores menores de 8 a\u00f1os con bola naranja para el Campamento de Verano.<\/p>\n<section class=\"module-lessons\">\n<header>\n<h3>Lecciones<\/h3>\n<\/header>\n<\/section>\n<\/section>\n<ul class=\"lessons-list\">\n<li class=\"\">Under 8 Orange \u2013 Summer Camp \u00ab\u00bfC\u00f3mo funciona?\u00bb<\/li>\n<li class=\"\">Under 8 Orange \u2013 Summer Camp \u00ab\u00bfQu\u00e9 aprender\u00e1n los jugadores?\u00bb<\/li>\n<li class=\"\">Under 8 Orange \u2013 Summer Camp \u2013 Biblioteca del juego<\/li>\n<li class=\"\">Under 8 Orange \u2013 Campamento de Verano \u00abMaterial y Organizaci\u00f3n\u00bb<\/li>\n<li class=\"\">Under 8 Orange \u2013 Summer Camp \u2013 Biblioteca de juegos<\/li>\n<\/ul>\n<\/section>\n<\/section>\n<\/article>\n<article class=\"module\">\n<header>\n<h2>Semana 1 SC U8 (naranja)<\/h2>\n<\/header>\n<section class=\"entry\">\n<p class=\"module-description\">Recordatorio de los aspectos clave del juego de l\u00ednea de fondo: &#8211; Derecha plana y t\u00e9cnica de rev\u00e9s &#8211; En el posicionamiento y movimiento en la pista alrededor de la l\u00ednea de fondo &#8211; Objetivo t\u00e1ctico para consolidar el rallye de 3\/4 de la cancha sin cometer errores &#8211; Recordatorio t\u00e9cnico del servicio plano para iniciar el punto<\/p>\n<section class=\"module-lessons\">\n<header>\n<h3>Lecciones<\/h3>\n<\/header>\n<ul class=\"lessons-list\">\n<li class=\"\"><a href=\"https:\/\/educatennis.com\/free-trial\/https:\/\/educatennis.com\/lesson\/under-8-primera-sesion-semana-1a-summer-camp\/\"><strong>Under 8 \u2013 Campamento de Verano \u00ab1a Semana\u00bb lunes (Haga clic aqu\u00ed para ver la lecci\u00f3n de forma gratuita)<\/strong><\/a><\/li>\n<li class=\"\">Under 8 \u2013 Campamento de Verano \u00ab1a semana\u00bb Martes<\/li>\n<li class=\"\">Under 8 \u2013 Campamento de Verano \u00ab1a semana\u00bb Mi\u00e9rcoles<\/li>\n<li class=\"\">Under 8 \u2013 Campamento de Verano \u00ab1a semana\u00bb Jueves<\/li>\n<li class=\"\">Under 8 \u2013 Campamento de Verano \u00ab1a semana\u00bb Viernes<\/li>\n<\/ul>\n<\/section>\n<\/section>\n<\/article>\n<article class=\"module\">\n<header>\n<h2>Semana 2 SC U8 (naranja)<\/h2>\n<\/header>\n<section class=\"entry\">\n<p class=\"module-description\">Contin\u00fae trabajando en todos los aspectos relacionados con el desarrollo de un rally de consistencia desde la l\u00ednea de base. En esta semana el jugador revisar\u00e1 todos los aspectos trabajados durante la semana 1 con el objetivo de poder mantener largos rallyes de 3\/4 de la cancha. El \u00e9xito ser\u00e1 si los jugadores son capaces de jugar de 3\/4 sin mutilar errores.<\/p>\n<section class=\"module-lessons\">\n<header>\n<h3>Lecciones<\/h3>\n<\/header>\n<ul class=\"lessons-list\">\n<li class=\"\">Under 8 \u2013 Campamento de Verano \u00ab2nd Week\u00bb Lunes<\/li>\n<li class=\"\">Under 8 \u2013 Campamento de Verano \u00ab2nd Week\u00bb Martes<\/li>\n<li class=\"\">Under 8 \u2013 Campamento de Verano \u00ab2nd Week\u00bb Mi\u00e9rcoles<\/li>\n<li class=\"\">Under 8 \u2013 Campamento de Verano \u00ab2nd Week\u00bb Jueves<\/li>\n<li class=\"\">Under 8 \u2013 Campamento de Verano \u00ab2nd Week\u00bb Viernes<\/li>\n<\/ul>\n<\/section>\n<\/section>\n<\/article>\n<article class=\"module\">\n<header>\n<h2>Semana 3 SC U8 (naranja)<\/h2>\n<\/header>\n<section class=\"entry\">\n<p class=\"module-description\">El objetivo principal es consolidar el rally de l\u00ednea de fondo (3\/4 de la cancha) y empezar a trabajar en el juego de la red. &#8211; Recordatorio y profundizaci\u00f3n de la t\u00e9cnica de volea de derecha y rev\u00e9s con movimiento diagonal hacia adelante.<\/p>\n<section class=\"module-lessons\">\n<header>\n<h3>Lecciones<\/h3>\n<\/header>\n<ul class=\"lessons-list\">\n<li class=\"\">Under 8 \u2013 Campamento de Verano \u00ab3a Semana\u00bb Lunes<\/li>\n<li class=\"\">Under 8 \u2013 Campamento de Verano \u00ab3a Semana\u00bb Martes<\/li>\n<li class=\"\">Under 8 \u2013 Campamento de Verano \u00ab3a Semana\u00bb Mi\u00e9rcoles<\/li>\n<li class=\"\">Under 8 \u2013 Campamento de Verano \u00ab3a Semana\u00bb Jueves<\/li>\n<li class=\"\">Under 8 \u2013 Campamento de Verano \u00ab3a Semana\u00bb Viernes<\/li>\n<\/ul>\n<\/section>\n<\/section>\n<\/article>\n<article class=\"module\">\n<header>\n<h2>Semana 4 SC U8 (naranja)<\/h2>\n<\/header>\n<section class=\"entry\">\n<p class=\"module-description\">El objetivo principal es introducirse en la competici\u00f3n de tenis con una buena actitud &#8211; Aprender las reglas del juego &#8211; Empezar a trabajar en el control de las emociones y la tolerancia a la frustraci\u00f3n &#8211; Dar m\u00e1s importancia al compa\u00f1erismo y el respeto por el entrenador que a la victoria.<\/p>\n<section class=\"module-lessons\">\n<header>\n<h3>Lecciones<\/h3>\n<\/header>\n<ul class=\"lessons-list\">\n<li class=\"\">Under 8 \u2013 Campamento de Verano \u00ab4a Semana\u00bb Lunes<\/li>\n<li class=\"\">Under 8 \u2013 Campamento de Verano \u00ab4a Semana\u00bb Martes<\/li>\n<li class=\"\">Under 8 \u2013 Campamento de Verano \u00abSemana 4\u00bb Mi\u00e9rcoles &#8211; Jueves -Viernes<\/li>\n<\/ul>\n<\/section>\n<\/section>\n<\/article>\n<\/header>\n<\/article>\n<p>[\/vc_column_text][\/vc_column][\/vc_row]<\/p>\n","protected":false},"excerpt":{"rendered":"<p>Programa de entrenamiento Temporada de verano Sub 8 Pelota Naranja<\/p>\n","protected":false},"featured_media":26801,"comment_status":"open","ping_status":"closed","template":"","meta":[],"product_cat":[882],"product_tag":[502,496,216,355],"acf":[],"yoast_head":"<!-- This site is optimized with the Yoast SEO plugin v17.6 - https:\/\/yoast.com\/wordpress\/plugins\/seo\/ -->\n<title>Planificaci\u00f3n Summer Camp Under 8 Naranja - Educatennis<\/title>\n<meta name=\"robots\" content=\"index, follow, max-snippet:-1, max-image-preview:large, max-video-preview:-1\" \/>\n<link rel=\"canonical\" href=\"https:\/\/educatennis.com\/rafanadalacademycamps\/producto\/summer-camp-u8-naranja\/\" \/>\n<meta property=\"og:locale\" content=\"es_ES\" \/>\n<meta property=\"og:type\" content=\"article\" \/>\n<meta property=\"og:title\" content=\"Planificaci\u00f3n Summer Camp Under 8 Naranja - Educatennis\" \/>\n<meta property=\"og:description\" content=\"Programa de entrenamiento Temporada de verano Sub 8 Pelota Naranja\" \/>\n<meta property=\"og:url\" content=\"https:\/\/educatennis.com\/rafanadalacademycamps\/producto\/summer-camp-u8-naranja\/\" \/>\n<meta property=\"og:site_name\" content=\"Educatennis\" \/>\n<meta property=\"article:publisher\" content=\"https:\/\/www.facebook.com\/educatennis\" \/>\n<meta property=\"article:modified_time\" content=\"2020-06-29T23:39:47+00:00\" \/>\n<meta property=\"og:image\" content=\"https:\/\/educatennis.com\/rafanadalacademycamps\/wp-content\/uploads\/2020\/04\/Under-8-Orange.jpg\" \/>\n\t<meta property=\"og:image:width\" content=\"1880\" \/>\n\t<meta property=\"og:image:height\" content=\"1247\" \/>\n<meta name=\"twitter:card\" content=\"summary_large_image\" \/>\n<meta name=\"twitter:label1\" content=\"Tiempo de lectura\" \/>\n\t<meta name=\"twitter:data1\" content=\"5 minutos\" \/>\n<script type=\"application\/ld+json\" class=\"yoast-schema-graph\">{\"@context\":\"https:\/\/schema.org\",\"@graph\":[{\"@type\":\"Organization\",\"@id\":\"https:\/\/educatennis.com\/rafanadalacademycamps\/en\/#organization\",\"name\":\"Educatennis\",\"url\":\"https:\/\/educatennis.com\/rafanadalacademycamps\/en\/\",\"sameAs\":[\"https:\/\/www.facebook.com\/educatennis\",\"https:\/\/www.instagram.com\/educatennis\",\"https:\/\/www.youtube.com\/channel\/UCMVUY-lze1xyVPmFZsbdvyw\"],\"logo\":{\"@type\":\"ImageObject\",\"@id\":\"https:\/\/educatennis.com\/rafanadalacademycamps\/en\/#logo\",\"inLanguage\":\"es\",\"url\":\"https:\/\/educatennis.com\/wp-content\/uploads\/2020\/05\/WPC_-Negativa-color-RGB-1.jpg\",\"contentUrl\":\"https:\/\/educatennis.com\/wp-content\/uploads\/2020\/05\/WPC_-Negativa-color-RGB-1.jpg\",\"width\":169,\"height\":60,\"caption\":\"Educatennis\"},\"image\":{\"@id\":\"https:\/\/educatennis.com\/rafanadalacademycamps\/en\/#logo\"}},{\"@type\":\"WebSite\",\"@id\":\"https:\/\/educatennis.com\/rafanadalacademycamps\/en\/#website\",\"url\":\"https:\/\/educatennis.com\/rafanadalacademycamps\/en\/\",\"name\":\"Educatennis\",\"description\":\"Educatennis\",\"publisher\":{\"@id\":\"https:\/\/educatennis.com\/rafanadalacademycamps\/en\/#organization\"},\"potentialAction\":[{\"@type\":\"SearchAction\",\"target\":{\"@type\":\"EntryPoint\",\"urlTemplate\":\"https:\/\/educatennis.com\/rafanadalacademycamps\/en\/?s={search_term_string}\"},\"query-input\":\"required name=search_term_string\"}],\"inLanguage\":\"es\"},{\"@type\":\"ImageObject\",\"@id\":\"https:\/\/educatennis.com\/rafanadalacademycamps\/producto\/summer-camp-u8-naranja\/#primaryimage\",\"inLanguage\":\"es\",\"url\":\"https:\/\/educatennis.com\/rafanadalacademycamps\/wp-content\/uploads\/2020\/04\/Under-8-Orange.jpg\",\"contentUrl\":\"https:\/\/educatennis.com\/rafanadalacademycamps\/wp-content\/uploads\/2020\/04\/Under-8-Orange.jpg\",\"width\":1880,\"height\":1247},{\"@type\":\"WebPage\",\"@id\":\"https:\/\/educatennis.com\/rafanadalacademycamps\/producto\/summer-camp-u8-naranja\/#webpage\",\"url\":\"https:\/\/educatennis.com\/rafanadalacademycamps\/producto\/summer-camp-u8-naranja\/\",\"name\":\"Planificaci\\u00f3n Summer Camp Under 8 Naranja - Educatennis\",\"isPartOf\":{\"@id\":\"https:\/\/educatennis.com\/rafanadalacademycamps\/en\/#website\"},\"primaryImageOfPage\":{\"@id\":\"https:\/\/educatennis.com\/rafanadalacademycamps\/producto\/summer-camp-u8-naranja\/#primaryimage\"},\"datePublished\":\"2020-06-09T15:55:05+00:00\",\"dateModified\":\"2020-06-29T23:39:47+00:00\",\"breadcrumb\":{\"@id\":\"https:\/\/educatennis.com\/rafanadalacademycamps\/producto\/summer-camp-u8-naranja\/#breadcrumb\"},\"inLanguage\":\"es\",\"potentialAction\":[{\"@type\":\"ReadAction\",\"target\":[\"https:\/\/educatennis.com\/rafanadalacademycamps\/producto\/summer-camp-u8-naranja\/\"]}]},{\"@type\":\"BreadcrumbList\",\"@id\":\"https:\/\/educatennis.com\/rafanadalacademycamps\/producto\/summer-camp-u8-naranja\/#breadcrumb\",\"itemListElement\":[{\"@type\":\"ListItem\",\"position\":1,\"name\":\"Portada\",\"item\":\"https:\/\/educatennis.com\/rafanadalacademycamps\/\"},{\"@type\":\"ListItem\",\"position\":2,\"name\":\"Tienda\",\"item\":\"https:\/\/educatennis.com\/rafanadalacademycamps\/tienda\/\"},{\"@type\":\"ListItem\",\"position\":3,\"name\":\"Planificaci\\u00f3n Summer Camp Under 8 Naranja\"}]}]}<\/script>\n<!-- \/ Yoast SEO plugin. -->","yoast_head_json":{"title":"Planificaci\u00f3n Summer Camp Under 8 Naranja - Educatennis","robots":{"index":"index","follow":"follow","max-snippet":"max-snippet:-1","max-image-preview":"max-image-preview:large","max-video-preview":"max-video-preview:-1"},"canonical":"https:\/\/educatennis.com\/rafanadalacademycamps\/producto\/summer-camp-u8-naranja\/","og_locale":"es_ES","og_type":"article","og_title":"Planificaci\u00f3n Summer Camp Under 8 Naranja - Educatennis","og_description":"Programa de entrenamiento Temporada de verano Sub 8 Pelota Naranja","og_url":"https:\/\/educatennis.com\/rafanadalacademycamps\/producto\/summer-camp-u8-naranja\/","og_site_name":"Educatennis","article_publisher":"https:\/\/www.facebook.com\/educatennis","article_modified_time":"2020-06-29T23:39:47+00:00","og_image":[{"width":1880,"height":1247,"url":"https:\/\/educatennis.com\/rafanadalacademycamps\/wp-content\/uploads\/2020\/04\/Under-8-Orange.jpg","type":"image\/jpeg"}],"twitter_card":"summary_large_image","twitter_misc":{"Tiempo de lectura":"5 minutos"},"schema":{"@context":"https:\/\/schema.org","@graph":[{"@type":"Organization","@id":"https:\/\/educatennis.com\/rafanadalacademycamps\/en\/#organization","name":"Educatennis","url":"https:\/\/educatennis.com\/rafanadalacademycamps\/en\/","sameAs":["https:\/\/www.facebook.com\/educatennis","https:\/\/www.instagram.com\/educatennis","https:\/\/www.youtube.com\/channel\/UCMVUY-lze1xyVPmFZsbdvyw"],"logo":{"@type":"ImageObject","@id":"https:\/\/educatennis.com\/rafanadalacademycamps\/en\/#logo","inLanguage":"es","url":"https:\/\/educatennis.com\/wp-content\/uploads\/2020\/05\/WPC_-Negativa-color-RGB-1.jpg","contentUrl":"https:\/\/educatennis.com\/wp-content\/uploads\/2020\/05\/WPC_-Negativa-color-RGB-1.jpg","width":169,"height":60,"caption":"Educatennis"},"image":{"@id":"https:\/\/educatennis.com\/rafanadalacademycamps\/en\/#logo"}},{"@type":"WebSite","@id":"https:\/\/educatennis.com\/rafanadalacademycamps\/en\/#website","url":"https:\/\/educatennis.com\/rafanadalacademycamps\/en\/","name":"Educatennis","description":"Educatennis","publisher":{"@id":"https:\/\/educatennis.com\/rafanadalacademycamps\/en\/#organization"},"potentialAction":[{"@type":"SearchAction","target":{"@type":"EntryPoint","urlTemplate":"https:\/\/educatennis.com\/rafanadalacademycamps\/en\/?s={search_term_string}"},"query-input":"required name=search_term_string"}],"inLanguage":"es"},{"@type":"ImageObject","@id":"https:\/\/educatennis.com\/rafanadalacademycamps\/producto\/summer-camp-u8-naranja\/#primaryimage","inLanguage":"es","url":"https:\/\/educatennis.com\/rafanadalacademycamps\/wp-content\/uploads\/2020\/04\/Under-8-Orange.jpg","contentUrl":"https:\/\/educatennis.com\/rafanadalacademycamps\/wp-content\/uploads\/2020\/04\/Under-8-Orange.jpg","width":1880,"height":1247},{"@type":"WebPage","@id":"https:\/\/educatennis.com\/rafanadalacademycamps\/producto\/summer-camp-u8-naranja\/#webpage","url":"https:\/\/educatennis.com\/rafanadalacademycamps\/producto\/summer-camp-u8-naranja\/","name":"Planificaci\u00f3n Summer Camp Under 8 Naranja - Educatennis","isPartOf":{"@id":"https:\/\/educatennis.com\/rafanadalacademycamps\/en\/#website"},"primaryImageOfPage":{"@id":"https:\/\/educatennis.com\/rafanadalacademycamps\/producto\/summer-camp-u8-naranja\/#primaryimage"},"datePublished":"2020-06-09T15:55:05+00:00","dateModified":"2020-06-29T23:39:47+00:00","breadcrumb":{"@id":"https:\/\/educatennis.com\/rafanadalacademycamps\/producto\/summer-camp-u8-naranja\/#breadcrumb"},"inLanguage":"es","potentialAction":[{"@type":"ReadAction","target":["https:\/\/educatennis.com\/rafanadalacademycamps\/producto\/summer-camp-u8-naranja\/"]}]},{"@type":"BreadcrumbList","@id":"https:\/\/educatennis.com\/rafanadalacademycamps\/producto\/summer-camp-u8-naranja\/#breadcrumb","itemListElement":[{"@type":"ListItem","position":1,"name":"Portada","item":"https:\/\/educatennis.com\/rafanadalacademycamps\/"},{"@type":"ListItem","position":2,"name":"Tienda","item":"https:\/\/educatennis.com\/rafanadalacademycamps\/tienda\/"},{"@type":"ListItem","position":3,"name":"Planificaci\u00f3n Summer Camp Under 8 Naranja"}]}]}},"_links":{"self":[{"href":"https:\/\/educatennis.com\/rafanadalacademycamps\/wp-json\/wp\/v2\/product\/28576"}],"collection":[{"href":"https:\/\/educatennis.com\/rafanadalacademycamps\/wp-json\/wp\/v2\/product"}],"about":[{"href":"https:\/\/educatennis.com\/rafanadalacademycamps\/wp-json\/wp\/v2\/types\/product"}],"replies":[{"embeddable":true,"href":"https:\/\/educatennis.com\/rafanadalacademycamps\/wp-json\/wp\/v2\/comments?post=28576"}],"wp:featuredmedia":[{"embeddable":true,"href":"https:\/\/educatennis.com\/rafanadalacademycamps\/wp-json\/wp\/v2\/media\/26801"}],"wp:attachment":[{"href":"https:\/\/educatennis.com\/rafanadalacademycamps\/wp-json\/wp\/v2\/media?parent=28576"}],"wp:term":[{"taxonomy":"product_cat","embeddable":true,"href":"https:\/\/educatennis.com\/rafanadalacademycamps\/wp-json\/wp\/v2\/product_cat?post=28576"},{"taxonomy":"product_tag","embeddable":true,"href":"https:\/\/educatennis.com\/rafanadalacademycamps\/wp-json\/wp\/v2\/product_tag?post=28576"}],"curies":[{"name":"wp","href":"https:\/\/api.w.org\/{rel}","templated":true}]}}